{"id":5858,"date":"2021-09-28T22:54:40","date_gmt":"2021-09-28T22:54:33","guid":{"rendered":"https:\/\/www.stmaryscharleville.ie\/curriculum\/subject-departments\/business-2\/"},"modified":"2025-08-22T08:40:53","modified_gmt":"2025-08-22T08:40:53","slug":"gaeilge","status":"publish","type":"page","link":"https:\/\/www.stmaryscharleville.ie\/?page_id=5858","title":{"rendered":"Gaeilge"},"content":{"rendered":"\t\t<div data-elementor-type=\"wp-page\" data-elementor-id=\"5858\" class=\"elementor elementor-5858\">\n\t\t\t\t\t\t<section class=\"elementor-section elementor-top-section elementor-element elementor-element-8828dd8 elementor-section-height-min-height elementor-section-items-bottom elementor-section-boxed elementor-section-height-default\" data-id=\"8828dd8\" data-element_type=\"section\" data-e-type=\"section\" data-settings=\"{&quot;background_background&quot;:&quot;classic&quot;}\">\n\t\t\t\t\t\t\t<div class=\"elementor-background-overlay\"><\/div>\n\t\t\t\t\t\t\t<div class=\"elementor-container elementor-column-gap-default\">\n\t\t\t\t\t<div class=\"elementor-column elementor-col-50 elementor-top-column elementor-element elementor-element-6d43801\" data-id=\"6d43801\" data-element_type=\"column\" data-e-type=\"column\">\n\t\t\t<div class=\"elementor-widget-wrap elementor-element-populated\">\n\t\t\t\t\t\t<div class=\"elementor-element elementor-element-31c8d6d elementor-widget elementor-widget-heading\" data-id=\"31c8d6d\" data-element_type=\"widget\" data-e-type=\"widget\" data-widget_type=\"heading.default\">\n\t\t\t\t<div class=\"elementor-widget-container\">\n\t\t\t\t\t<h1 class=\"elementor-heading-title elementor-size-default\">Gaeilge<\/h1>\t\t\t\t<\/div>\n\t\t\t\t<\/div>\n\t\t\t\t<div class=\"elementor-element elementor-element-9a9b4e4 elementor-hidden-phone elementor-widget elementor-widget-spacer\" data-id=\"9a9b4e4\" data-element_type=\"widget\" data-e-type=\"widget\" data-widget_type=\"spacer.default\">\n\t\t\t\t<div class=\"elementor-widget-container\">\n\t\t\t\t\t\t\t<div class=\"elementor-spacer\">\n\t\t\t<div class=\"elementor-spacer-inner\"><\/div>\n\t\t<\/div>\n\t\t\t\t\t\t<\/div>\n\t\t\t\t<\/div>\n\t\t\t\t\t<\/div>\n\t\t<\/div>\n\t\t\t\t<div class=\"elementor-column elementor-col-50 elementor-top-column elementor-element elementor-element-da860e5\" data-id=\"da860e5\" data-element_type=\"column\" data-e-type=\"column\">\n\t\t\t<div class=\"elementor-widget-wrap\">\n\t\t\t\t\t\t\t<\/div>\n\t\t<\/div>\n\t\t\t\t\t<\/div>\n\t\t<\/section>\n\t\t\t\t<section class=\"elementor-section elementor-top-section elementor-element elementor-element-4564d19 elementor-section-boxed elementor-section-height-default elementor-section-height-default\" data-id=\"4564d19\" data-element_type=\"section\" data-e-type=\"section\">\n\t\t\t\t\t\t<div class=\"elementor-container elementor-column-gap-default\">\n\t\t\t\t\t<div class=\"elementor-column elementor-col-100 elementor-top-column elementor-element elementor-element-7618faf\" data-id=\"7618faf\" data-element_type=\"column\" data-e-type=\"column\">\n\t\t\t<div class=\"elementor-widget-wrap elementor-element-populated\">\n\t\t\t\t\t\t<div class=\"elementor-element elementor-element-37ca2d2 elementor-widget elementor-widget-text-editor\" data-id=\"37ca2d2\" data-element_type=\"widget\" data-e-type=\"widget\" data-widget_type=\"text-editor.default\">\n\t\t\t\t<div class=\"elementor-widget-container\">\n\t\t\t\t\t\t\t\t\t<h4 style=\"text-align: center;\"><strong><i>\u2018\u2019Beatha Teanga \u00ed a labhairt\u2019\u2019<\/i><\/strong><\/h4><h5>\u00a0<\/h5><h5><span style=\"font-weight: 400;\">Is \u00e1bhar \u00e9igeantach \u00ed an Ghaeilge. D\u00e9antar staid\u00e9ar uirthi \u00f3n gc\u00e9ad bhliain go dt\u00ed an s\u00e9\u00fa bliain. T\u00e1 \u00e1it l\u00e1rnach ag an teanga Gaeilge in \u00e1r scoil. Is cuid d\u00e1r bhf\u00e9ini\u00falacht, \u00e1r gcult\u00far agus \u00e1r n-oidhreacht \u00ed an Ghaeilge. T\u00e1 s\u00e9 mar aidhm\u00a0 ag Roinn na Gaeilge\u00a0 an Ghaeilge a spreagadh agus a fhorbairt i measc na dalta\u00ed. Cuirtear b\u00e9im ar na scileanna\u00a0 chumars\u00e1ide, \u00e9isteachta ,\u00a0 l\u00e9itheoireachta agus scr\u00edbhneoireachta i ngach rang. D\u00e9antar gach iarracht tusicint agus gr\u00e1 a choth\u00fa sa teanga i bpobal na scoile. M\u00faintear an teanga tr\u00ed mhe\u00e1n na Gaeilge agus baintear \u00fas\u00e1id as modhanna \u00e9ags\u00fala sa rang chun an Ghaeilge a chur chun cinn i slite taitneamhach agus tairbheach.<\/span><\/h5><p>\u00a0<\/p><h5><span style=\"font-weight: 400;\">C\u00e9ili\u00faraimid Seachtain na Gaeilge go bliainti\u00fail agus baineann pobal na scoile sult agus spraoi as r\u00e9imse leathan imeachta\u00ed.<\/span><\/h5>\t\t\t\t\t\t\t\t<\/div>\n\t\t\t\t<\/div>\n\t\t\t\t<section class=\"elementor-section elementor-inner-section elementor-element elementor-element-aeb124f elementor-section-boxed elementor-section-height-default elementor-section-height-default\" data-id=\"aeb124f\" data-element_type=\"section\" data-e-type=\"section\">\n\t\t\t\t\t\t<div class=\"elementor-container elementor-column-gap-default\">\n\t\t\t\t\t<div class=\"elementor-column elementor-col-50 elementor-inner-column elementor-element elementor-element-064a183\" data-id=\"064a183\" data-element_type=\"column\" data-e-type=\"column\">\n\t\t\t<div class=\"elementor-widget-wrap elementor-element-populated\">\n\t\t\t\t\t\t<div class=\"elementor-element elementor-element-9bcd196 elementor-widget elementor-widget-video\" data-id=\"9bcd196\" data-element_type=\"widget\" data-e-type=\"widget\" data-settings=\"{&quot;video_type&quot;:&quot;hosted&quot;,&quot;controls&quot;:&quot;yes&quot;}\" data-widget_type=\"video.default\">\n\t\t\t\t<div class=\"elementor-widget-container\">\n\t\t\t\t\t\t\t<div class=\"e-hosted-video elementor-wrapper elementor-open-inline\">\n\t\t\t\t\t<video class=\"elementor-video\" src=\"https:\/\/www.stmaryscharleville.ie\/srv\/htdocs\/wp-content\/uploads\/2025\/08\/2024-11-17-211924229-2-2.mp4\" controls=\"\" preload=\"metadata\" controlsList=\"nodownload\"><\/video>\n\t\t\t\t<\/div>\n\t\t\t\t\t\t<\/div>\n\t\t\t\t<\/div>\n\t\t\t\t<div class=\"elementor-element elementor-element-0994051 elementor-widget elementor-widget-text-editor\" data-id=\"0994051\" data-element_type=\"widget\" data-e-type=\"widget\" data-widget_type=\"text-editor.default\">\n\t\t\t\t<div class=\"elementor-widget-container\">\n\t\t\t\t\t\t\t\t\t<h5><span style=\"font-weight: 400;\">Gaeilge 24<\/span><\/h5>\t\t\t\t\t\t\t\t<\/div>\n\t\t\t\t<\/div>\n\t\t\t\t\t<\/div>\n\t\t<\/div>\n\t\t\t\t<div class=\"elementor-column elementor-col-50 elementor-inner-column elementor-element elementor-element-a5c5689\" data-id=\"a5c5689\" data-element_type=\"column\" data-e-type=\"column\">\n\t\t\t<div class=\"elementor-widget-wrap elementor-element-populated\">\n\t\t\t\t\t\t<div class=\"elementor-element elementor-element-d1c5fb3 elementor-widget elementor-widget-image\" data-id=\"d1c5fb3\" data-element_type=\"widget\" data-e-type=\"widget\" data-widget_type=\"image.default\">\n\t\t\t\t<div class=\"elementor-widget-container\">\n\t\t\t\t\t\t\t\t\t\t\t\t\t\t\t<img fetchpriority=\"high\" decoding=\"async\" width=\"1024\" height=\"534\" src=\"https:\/\/www.stmaryscharleville.ie\/srv\/htdocs\/wp-content\/uploads\/2024\/08\/Screenshot_20240822_203203-1024x534.jpg\" class=\"attachment-large size-large wp-image-6901\" alt=\"\" srcset=\"https:\/\/www.stmaryscharleville.ie\/srv\/htdocs\/wp-content\/uploads\/2024\/08\/Screenshot_20240822_203203-1024x534.jpg 1024w, https:\/\/www.stmaryscharleville.ie\/srv\/htdocs\/wp-content\/uploads\/2024\/08\/Screenshot_20240822_203203-300x157.jpg 300w, https:\/\/www.stmaryscharleville.ie\/srv\/htdocs\/wp-content\/uploads\/2024\/08\/Screenshot_20240822_203203.jpg 1079w\" sizes=\"(max-width: 1024px) 100vw, 1024px\" \/>\t\t\t\t\t\t\t\t\t\t\t\t\t\t\t<\/div>\n\t\t\t\t<\/div>\n\t\t\t\t<div class=\"elementor-element elementor-element-609793f elementor-widget elementor-widget-text-editor\" data-id=\"609793f\" data-element_type=\"widget\" data-e-type=\"widget\" data-widget_type=\"text-editor.default\">\n\t\t\t\t<div class=\"elementor-widget-container\">\n\t\t\t\t\t\t\t\t\t<h5>Cuairt \u00f3 Conradh na Gaeilge\u00a0<\/h5>\t\t\t\t\t\t\t\t<\/div>\n\t\t\t\t<\/div>\n\t\t\t\t\t<\/div>\n\t\t<\/div>\n\t\t\t\t\t<\/div>\n\t\t<\/section>\n\t\t\t\t\t<\/div>\n\t\t<\/div>\n\t\t\t\t\t<\/div>\n\t\t<\/section>\n\t\t\t\t<\/div>\n\t\t","protected":false},"excerpt":{"rendered":"<p>Gaeilge \u2018\u2019Beatha Teanga \u00ed a labhairt\u2019\u2019 \u00a0 Is \u00e1bhar \u00e9igeantach \u00ed an Ghaeilge. D\u00e9antar staid\u00e9ar uirthi \u00f3n gc\u00e9ad bhliain go dt\u00ed an s\u00e9\u00fa bliain. T\u00e1 \u00e1it l\u00e1rnach ag an teanga Gaeilge in \u00e1r scoil. Is cuid d\u00e1r bhf\u00e9ini\u00falacht, \u00e1r gcult\u00far agus \u00e1r n-oidhreacht \u00ed an Ghaeilge. T\u00e1 s\u00e9 mar aidhm\u00a0 ag Roinn na Gaeilge\u00a0 an&#8230;<\/p>\n","protected":false},"author":4,"featured_media":0,"parent":5502,"menu_order":6,"comment_status":"closed","ping_status":"closed","template":"elementor_header_footer","meta":{"_kad_post_transparent":"","_kad_post_title":"hide","_kad_post_layout":"normal","_kad_post_sidebar_id":"","_kad_post_content_style":"unboxed","_kad_post_vertical_padding":"hide","_kad_post_feature":"hide","_kad_post_feature_position":"","_kad_post_header":false,"_kad_post_footer":false,"_kad_post_classname":"","footnotes":""},"class_list":["post-5858","page","type-page","status-publish","hentry"],"_links":{"self":[{"href":"https:\/\/www.stmaryscharleville.ie\/index.php?rest_route=\/wp\/v2\/pages\/5858","targetHints":{"allow":["GET"]}}],"collection":[{"href":"https:\/\/www.stmaryscharleville.ie\/index.php?rest_route=\/wp\/v2\/pages"}],"about":[{"href":"https:\/\/www.stmaryscharleville.ie\/index.php?rest_route=\/wp\/v2\/types\/page"}],"author":[{"embeddable":true,"href":"https:\/\/www.stmaryscharleville.ie\/index.php?rest_route=\/wp\/v2\/users\/4"}],"replies":[{"embeddable":true,"href":"https:\/\/www.stmaryscharleville.ie\/index.php?rest_route=%2Fwp%2Fv2%2Fcomments&post=5858"}],"version-history":[{"count":16,"href":"https:\/\/www.stmaryscharleville.ie\/index.php?rest_route=\/wp\/v2\/pages\/5858\/revisions"}],"predecessor-version":[{"id":7225,"href":"https:\/\/www.stmaryscharleville.ie\/index.php?rest_route=\/wp\/v2\/pages\/5858\/revisions\/7225"}],"up":[{"embeddable":true,"href":"https:\/\/www.stmaryscharleville.ie\/index.php?rest_route=\/"}],"wp:attachment":[{"href":"https:\/\/www.stmaryscharleville.ie\/index.php?rest_route=%2Fwp%2Fv2%2Fmedia&parent=5858"}],"curies":[{"name":"wp","href":"https:\/\/api.w.org\/{rel}","templated":true}]}}